{"id":2529,"date":"2023-10-09T20:21:15","date_gmt":"2023-10-09T20:21:15","guid":{"rendered":"https:\/\/vinopolis.mx\/?post_type=product&#038;p=2529"},"modified":"2026-03-30T16:59:52","modified_gmt":"2026-03-30T21:59:52","slug":"carignano-del-sulcis-2019-saraja","status":"publish","type":"product","link":"https:\/\/vinopolis.mx\/en\/product\/carignano-del-sulcis-2019-saraja\/","title":{"rendered":"Carignano del Sulcis 2019"},"content":{"rendered":"<div data-elementor-type=\"product-post\" data-elementor-id=\"2529\" class=\"elementor elementor-2529\" data-elementor-post-type=\"product\">\n\t\t\t\t<div class=\"elementor-element elementor-element-0474e0d e-flex e-con-boxed e-con e-parent\" data-id=\"0474e0d\" data-element_type=\"container\">\n\t\t\t\t\t<div class=\"e-con-inner\">\n\t\t\t\t<div class=\"elementor-element elementor-element-94aff05 elementor-widget elementor-widget-template\" data-id=\"94aff05\" data-element_type=\"widget\" data-widget_type=\"template.default\">\n\t\t\t\t<div class=\"elementor-widget-container\">\n\t\t\t\t\t\t\t<div class=\"elementor-template\">\n\t\t\t\t\t<div data-elementor-type=\"section\" data-elementor-id=\"4480\" class=\"elementor elementor-4480\" data-elementor-post-type=\"elementor_library\">\n\t\t\t<div class=\"elementor-element elementor-element-a73c3d6 bodega_visible e-flex e-con-boxed e-con e-parent\" data-id=\"a73c3d6\" data-element_type=\"container\">\n\t\t\t\t\t<div class=\"e-con-inner\">\n\t\t\t\t<div class=\"elementor-element elementor-element-696a80e logo_200 elementor-widget elementor-widget-image\" data-id=\"696a80e\" data-element_type=\"widget\" data-widget_type=\"image.default\">\n\t\t\t\t<div class=\"elementor-widget-container\">\n\t\t\t\t\t\t\t\t\t\t\t\t\t\t\t<img fetchpriority=\"high\" decoding=\"async\" width=\"300\" height=\"196\" src=\"https:\/\/vinopolis.mx\/wp-content\/uploads\/2023\/10\/saraja_logo-300x196.jpg\" class=\"attachment-medium size-medium wp-image-3167\" alt=\"\" srcset=\"https:\/\/vinopolis.mx\/wp-content\/uploads\/2023\/10\/saraja_logo-300x196.jpg 300w, https:\/\/vinopolis.mx\/wp-content\/uploads\/2023\/10\/saraja_logo-400x261.jpg 400w, https:\/\/vinopolis.mx\/wp-content\/uploads\/2023\/10\/saraja_logo.jpg 500w\" sizes=\"(max-width: 300px) 100vw, 300px\" \/>\t\t\t\t\t\t\t\t\t\t\t\t\t\t\t<\/div>\n\t\t\t\t<\/div>\n\t\t\t\t<div class=\"elementor-element elementor-element-86f0d89 elementor-widget elementor-widget-text-editor\" data-id=\"86f0d89\" data-element_type=\"widget\" data-widget_type=\"text-editor.default\">\n\t\t\t\t<div class=\"elementor-widget-container\">\n\t\t\t\t\t\t\t\t\t<p>Proteger el medio ambiente significa una forma de pensar, de vivir, de trabajar y de observar las cosas que nos rodean y, adem\u00e1s, amarlas. Para SARAJA significa cuidar los vi\u00f1edos y el vino, empezando por la bodega y continuando en nuestras vidas, todo a trav\u00e9s de la \u00e9tica del respeto. Cada gesto, decisi\u00f3n o acci\u00f3n proviene de esta fuente. La Tierra no es la herencia de nuestros padres, sino un pr\u00e9stamo dado por los hijos. Cuando observamos al productor nos damos cuenta de su tarea \u00e9tica, de no arruinar las buenas uvas producidas en el vi\u00f1edo. Esta es la raz\u00f3n por la que redujimos las filtraciones, las clarificaciones y el azufre, actuando solo cuando es necesario y menos posible. En la bodega el vino est\u00e1 protegido de la luz y de los cambios clim\u00e1ticos, rodeado de silencio, evolucionando y madurando su propia personalidad y reforzando su car\u00e1cter. Respetando totalmente cada parte de su creaci\u00f3n.<\/p>\t\t\t\t\t\t\t\t<\/div>\n\t\t\t\t<\/div>\n\t\t\t\t\t<\/div>\n\t\t\t\t<\/div>\n\t\t<div class=\"elementor-element elementor-element-0b29dbe bodega_invisible info-bodega e-flex e-con-boxed e-con e-parent\" data-id=\"0b29dbe\" data-element_type=\"container\">\n\t\t\t\t\t<div class=\"e-con-inner\">\n\t\t<div class=\"elementor-element elementor-element-4392752 e-flex e-con-boxed e-con e-child\" data-id=\"4392752\" data-element_type=\"container\">\n\t\t\t\t\t<div class=\"e-con-inner\">\n\t\t\t\t<div class=\"elementor-element elementor-element-347f4d8 valor-bodega elementor-widget elementor-widget-heading\" data-id=\"347f4d8\" data-element_type=\"widget\" data-widget_type=\"heading.default\">\n\t\t\t\t<div class=\"elementor-widget-container\">\n\t\t\t\t\t<h2 class=\"elementor-heading-title elementor-size-default\">-<\/h2>\t\t\t\t<\/div>\n\t\t\t\t<\/div>\n\t\t\t\t<div class=\"elementor-element elementor-element-579028f label-rojo elementor-widget elementor-widget-text-editor\" data-id=\"579028f\" data-element_type=\"widget\" data-widget_type=\"text-editor.default\">\n\t\t\t\t<div class=\"elementor-widget-container\">\n\t\t\t\t\t\t\t\t\t<p>Foundation year<\/p>\t\t\t\t\t\t\t\t<\/div>\n\t\t\t\t<\/div>\n\t\t\t\t\t<\/div>\n\t\t\t\t<\/div>\n\t\t<div class=\"elementor-element elementor-element-4e925a0 e-flex e-con-boxed e-con e-child\" data-id=\"4e925a0\" data-element_type=\"container\">\n\t\t\t\t\t<div class=\"e-con-inner\">\n\t\t\t\t<div class=\"elementor-element elementor-element-57ea04b valor-bodega elementor-widget elementor-widget-heading\" data-id=\"57ea04b\" data-element_type=\"widget\" data-widget_type=\"heading.default\">\n\t\t\t\t<div class=\"elementor-widget-container\">\n\t\t\t\t\t<h2 class=\"elementor-heading-title elementor-size-default\">49<\/h2>\t\t\t\t<\/div>\n\t\t\t\t<\/div>\n\t\t\t\t<div class=\"elementor-element elementor-element-c36efbb label-rojo elementor-widget elementor-widget-text-editor\" data-id=\"c36efbb\" data-element_type=\"widget\" data-widget_type=\"text-editor.default\">\n\t\t\t\t<div class=\"elementor-widget-container\">\n\t\t\t\t\t\t\t\t\t<p>Hectares of vineyard<\/p>\t\t\t\t\t\t\t\t<\/div>\n\t\t\t\t<\/div>\n\t\t\t\t\t<\/div>\n\t\t\t\t<\/div>\n\t\t<div class=\"elementor-element elementor-element-499f395 e-flex e-con-boxed e-con e-child\" data-id=\"499f395\" data-element_type=\"container\">\n\t\t\t\t\t<div class=\"e-con-inner\">\n\t\t\t\t<div class=\"elementor-element elementor-element-c465fb5 valor-bodega elementor-widget elementor-widget-heading\" data-id=\"c465fb5\" data-element_type=\"widget\" data-widget_type=\"heading.default\">\n\t\t\t\t<div class=\"elementor-widget-container\">\n\t\t\t\t\t<h3 class=\"elementor-heading-title elementor-size-default\">-<\/h3>\t\t\t\t<\/div>\n\t\t\t\t<\/div>\n\t\t\t\t<div class=\"elementor-element elementor-element-d2784eb label-rojo elementor-widget elementor-widget-text-editor\" data-id=\"d2784eb\" data-element_type=\"widget\" data-widget_type=\"text-editor.default\">\n\t\t\t\t<div class=\"elementor-widget-container\">\n\t\t\t\t\t\t\t\t\t<p>Bottles produced<\/p>\t\t\t\t\t\t\t\t<\/div>\n\t\t\t\t<\/div>\n\t\t\t\t\t<\/div>\n\t\t\t\t<\/div>\n\t\t<div class=\"elementor-element elementor-element-fbfd38a e-flex e-con-boxed e-con e-child\" data-id=\"fbfd38a\" data-element_type=\"container\">\n\t\t\t\t\t<div class=\"e-con-inner\">\n\t\t\t\t<div class=\"elementor-element elementor-element-b598763 valor-bodega  elementor-widget elementor-widget-heading\" data-id=\"b598763\" data-element_type=\"widget\" data-widget_type=\"heading.default\">\n\t\t\t\t<div class=\"elementor-widget-container\">\n\t\t\t\t\t<h4 class=\"elementor-heading-title elementor-size-default\">Cannonau, Vermentino y Carignano<\/h4>\t\t\t\t<\/div>\n\t\t\t\t<\/div>\n\t\t\t\t<div class=\"elementor-element elementor-element-a3a9b9d label-rojo elementor-widget elementor-widget-text-editor\" data-id=\"a3a9b9d\" data-element_type=\"widget\" data-widget_type=\"text-editor.default\">\n\t\t\t\t<div class=\"elementor-widget-container\">\n\t\t\t\t\t\t\t\t\t<p>cultivated grapes<\/p>\t\t\t\t\t\t\t\t<\/div>\n\t\t\t\t<\/div>\n\t\t\t\t\t<\/div>\n\t\t\t\t<\/div>\n\t\t<div class=\"elementor-element elementor-element-f8e11f0 e-flex e-con-boxed e-con e-child\" data-id=\"f8e11f0\" data-element_type=\"container\">\n\t\t\t\t\t<div class=\"e-con-inner\">\n\t\t\t\t<div class=\"elementor-element elementor-element-d4518de valor-bodega elementor-widget elementor-widget-heading\" data-id=\"d4518de\" data-element_type=\"widget\" data-widget_type=\"heading.default\">\n\t\t\t\t<div class=\"elementor-widget-container\">\n\t\t\t\t\t<h4 class=\"elementor-heading-title elementor-size-default\">Sustainable<\/h4>\t\t\t\t<\/div>\n\t\t\t\t<\/div>\n\t\t\t\t<div class=\"elementor-element elementor-element-2e844c0 label-rojo elementor-widget elementor-widget-text-editor\" data-id=\"2e844c0\" data-element_type=\"widget\" data-widget_type=\"text-editor.default\">\n\t\t\t\t<div class=\"elementor-widget-container\">\n\t\t\t\t\t\t\t\t\t<p>viticulture<\/p>\t\t\t\t\t\t\t\t<\/div>\n\t\t\t\t<\/div>\n\t\t\t\t\t<\/div>\n\t\t\t\t<\/div>\n\t\t\t\t\t<\/div>\n\t\t\t\t<\/div>\n\t\t<div class=\"elementor-element elementor-element-5241a58 e-flex e-con-boxed e-con e-parent\" data-id=\"5241a58\" data-element_type=\"container\">\n\t\t\t\t\t<div class=\"e-con-inner\">\n\t\t\t\t<div class=\"elementor-element elementor-element-1ccd9c3 elementor-widget elementor-widget-image\" data-id=\"1ccd9c3\" data-element_type=\"widget\" data-widget_type=\"image.default\">\n\t\t\t\t<div class=\"elementor-widget-container\">\n\t\t\t\t\t\t\t\t\t\t\t\t\t\t\t<img decoding=\"async\" width=\"1024\" height=\"426\" src=\"https:\/\/vinopolis.mx\/wp-content\/uploads\/2026\/02\/Saraja-1024x426.png\" class=\"attachment-large size-large wp-image-22395\" alt=\"\" srcset=\"https:\/\/vinopolis.mx\/wp-content\/uploads\/2026\/02\/Saraja-1024x426.png 1024w, https:\/\/vinopolis.mx\/wp-content\/uploads\/2026\/02\/Saraja-300x125.png 300w, https:\/\/vinopolis.mx\/wp-content\/uploads\/2026\/02\/Saraja-768x320.png 768w, https:\/\/vinopolis.mx\/wp-content\/uploads\/2026\/02\/Saraja-1536x639.png 1536w, https:\/\/vinopolis.mx\/wp-content\/uploads\/2026\/02\/Saraja-2048x853.png 2048w, https:\/\/vinopolis.mx\/wp-content\/uploads\/2026\/02\/Saraja-18x7.png 18w, https:\/\/vinopolis.mx\/wp-content\/uploads\/2026\/02\/Saraja-400x167.png 400w, https:\/\/vinopolis.mx\/wp-content\/uploads\/2026\/02\/Saraja-600x250.png 600w\" sizes=\"(max-width: 1024px) 100vw, 1024px\" \/>\t\t\t\t\t\t\t\t\t\t\t\t\t\t\t<\/div>\n\t\t\t\t<\/div>\n\t\t\t\t\t<\/div>\n\t\t\t\t<\/div>\n\t\t<div class=\"elementor-element elementor-element-1d65fe1 bodega_invisible titulo e-flex e-con-boxed e-con e-parent\" data-id=\"1d65fe1\" data-element_type=\"container\">\n\t\t\t\t\t<div class=\"e-con-inner\">\n\t\t\t\t<div class=\"elementor-element elementor-element-c58d9b7 elementor-widget elementor-widget-heading\" data-id=\"c58d9b7\" data-element_type=\"widget\" data-widget_type=\"heading.default\">\n\t\t\t\t<div class=\"elementor-widget-container\">\n\t\t\t\t\t<h2 class=\"elementor-heading-title elementor-size-default\">A lo que nos referimos con viticultura sustentable<\/h2>\t\t\t\t<\/div>\n\t\t\t\t<\/div>\n\t\t\t\t\t<\/div>\n\t\t\t\t<\/div>\n\t\t<div class=\"elementor-element elementor-element-e4a635b e-flex e-con-boxed e-con e-parent\" data-id=\"e4a635b\" data-element_type=\"container\">\n\t\t\t\t\t<div class=\"e-con-inner\">\n\t\t\t\t<div class=\"elementor-element elementor-element-a5f8d9f elementor-widget elementor-widget-template\" data-id=\"a5f8d9f\" data-element_type=\"widget\" data-widget_type=\"template.default\">\n\t\t\t\t<div class=\"elementor-widget-container\">\n\t\t\t\t\t\t\t<div class=\"elementor-template\">\n\t\t\t\t\t<div data-elementor-type=\"section\" data-elementor-id=\"14211\" class=\"elementor elementor-14211\" data-elementor-post-type=\"elementor_library\">\n\t\t\t<div class=\"elementor-element elementor-element-aba3744 bodega_invisible iconos_texto e-flex e-con-boxed e-con e-parent\" data-id=\"aba3744\" data-element_type=\"container\">\n\t\t\t\t\t<div class=\"e-con-inner\">\n\t\t<div class=\"elementor-element elementor-element-c6ff17f e-flex e-con-boxed e-con e-child\" data-id=\"c6ff17f\" data-element_type=\"container\">\n\t\t\t\t\t<div class=\"e-con-inner\">\n\t\t\t\t<div class=\"elementor-element elementor-element-962651f elementor-widget elementor-widget-image\" data-id=\"962651f\" data-element_type=\"widget\" data-widget_type=\"image.default\">\n\t\t\t\t<div class=\"elementor-widget-container\">\n\t\t\t\t\t\t\t\t\t\t\t\t\t\t\t<img decoding=\"async\" width=\"300\" height=\"300\" src=\"https:\/\/vinopolis.mx\/wp-content\/uploads\/2024\/08\/sust1-300x300.png\" class=\"attachment-medium size-medium wp-image-14214\" alt=\"\" srcset=\"https:\/\/vinopolis.mx\/wp-content\/uploads\/2024\/08\/sust1-300x300.png 300w, https:\/\/vinopolis.mx\/wp-content\/uploads\/2024\/08\/sust1-150x150.png 150w, https:\/\/vinopolis.mx\/wp-content\/uploads\/2024\/08\/sust1-768x768.png 768w, https:\/\/vinopolis.mx\/wp-content\/uploads\/2024\/08\/sust1-12x12.png 12w, https:\/\/vinopolis.mx\/wp-content\/uploads\/2024\/08\/sust1-400x400.png 400w, https:\/\/vinopolis.mx\/wp-content\/uploads\/2024\/08\/sust1-600x600.png 600w, https:\/\/vinopolis.mx\/wp-content\/uploads\/2024\/08\/sust1-100x100.png 100w, https:\/\/vinopolis.mx\/wp-content\/uploads\/2024\/08\/sust1.png 900w\" sizes=\"(max-width: 300px) 100vw, 300px\" \/>\t\t\t\t\t\t\t\t\t\t\t\t\t\t\t<\/div>\n\t\t\t\t<\/div>\n\t\t\t\t<div class=\"elementor-element elementor-element-adaf47f elementor-widget elementor-widget-text-editor\" data-id=\"adaf47f\" data-element_type=\"widget\" data-widget_type=\"text-editor.default\">\n\t\t\t\t<div class=\"elementor-widget-container\">\n\t\t\t\t\t\t\t\t\t<p>Los vinos sustentables se producen a partir de uvas cultivadas utilizando pr\u00e1cticas agr\u00edcolas que minimizan el impacto ambiental, como la reducci\u00f3n de pesticidas y el uso eficiente del agua.<\/p>\t\t\t\t\t\t\t\t<\/div>\n\t\t\t\t<\/div>\n\t\t\t\t\t<\/div>\n\t\t\t\t<\/div>\n\t\t<div class=\"elementor-element elementor-element-7bd0b68 e-flex e-con-boxed e-con e-child\" data-id=\"7bd0b68\" data-element_type=\"container\">\n\t\t\t\t\t<div class=\"e-con-inner\">\n\t\t\t\t<div class=\"elementor-element elementor-element-91a30e8 elementor-widget elementor-widget-image\" data-id=\"91a30e8\" data-element_type=\"widget\" data-widget_type=\"image.default\">\n\t\t\t\t<div class=\"elementor-widget-container\">\n\t\t\t\t\t\t\t\t\t\t\t\t\t\t\t<img loading=\"lazy\" decoding=\"async\" width=\"300\" height=\"300\" src=\"https:\/\/vinopolis.mx\/wp-content\/uploads\/2024\/08\/sust2-300x300.png\" class=\"attachment-medium size-medium wp-image-14215\" alt=\"\" srcset=\"https:\/\/vinopolis.mx\/wp-content\/uploads\/2024\/08\/sust2-300x300.png 300w, https:\/\/vinopolis.mx\/wp-content\/uploads\/2024\/08\/sust2-150x150.png 150w, https:\/\/vinopolis.mx\/wp-content\/uploads\/2024\/08\/sust2-768x768.png 768w, https:\/\/vinopolis.mx\/wp-content\/uploads\/2024\/08\/sust2-12x12.png 12w, https:\/\/vinopolis.mx\/wp-content\/uploads\/2024\/08\/sust2-400x400.png 400w, https:\/\/vinopolis.mx\/wp-content\/uploads\/2024\/08\/sust2-600x600.png 600w, https:\/\/vinopolis.mx\/wp-content\/uploads\/2024\/08\/sust2-100x100.png 100w, https:\/\/vinopolis.mx\/wp-content\/uploads\/2024\/08\/sust2.png 900w\" sizes=\"(max-width: 300px) 100vw, 300px\" \/>\t\t\t\t\t\t\t\t\t\t\t\t\t\t\t<\/div>\n\t\t\t\t<\/div>\n\t\t\t\t<div class=\"elementor-element elementor-element-008441d elementor-widget elementor-widget-text-editor\" data-id=\"008441d\" data-element_type=\"widget\" data-widget_type=\"text-editor.default\">\n\t\t\t\t<div class=\"elementor-widget-container\">\n\t\t\t\t\t\t\t\t\t<p>En la elaboraci\u00f3n, se emplean t\u00e9cnicas que disminuyen el uso de energ\u00eda y recursos, incluyendo el reciclaje de subproductos y el uso de energ\u00edas renovables.<\/p>\t\t\t\t\t\t\t\t<\/div>\n\t\t\t\t<\/div>\n\t\t\t\t\t<\/div>\n\t\t\t\t<\/div>\n\t\t<div class=\"elementor-element elementor-element-5fc1259 e-flex e-con-boxed e-con e-child\" data-id=\"5fc1259\" data-element_type=\"container\">\n\t\t\t\t\t<div class=\"e-con-inner\">\n\t\t\t\t<div class=\"elementor-element elementor-element-1f567e8 elementor-widget elementor-widget-image\" data-id=\"1f567e8\" data-element_type=\"widget\" data-widget_type=\"image.default\">\n\t\t\t\t<div class=\"elementor-widget-container\">\n\t\t\t\t\t\t\t\t\t\t\t\t\t\t\t<img loading=\"lazy\" decoding=\"async\" width=\"300\" height=\"300\" src=\"https:\/\/vinopolis.mx\/wp-content\/uploads\/2024\/08\/sust3-300x300.png\" class=\"attachment-medium size-medium wp-image-14213\" alt=\"\" srcset=\"https:\/\/vinopolis.mx\/wp-content\/uploads\/2024\/08\/sust3-300x300.png 300w, https:\/\/vinopolis.mx\/wp-content\/uploads\/2024\/08\/sust3-150x150.png 150w, https:\/\/vinopolis.mx\/wp-content\/uploads\/2024\/08\/sust3-768x768.png 768w, https:\/\/vinopolis.mx\/wp-content\/uploads\/2024\/08\/sust3-12x12.png 12w, https:\/\/vinopolis.mx\/wp-content\/uploads\/2024\/08\/sust3-400x400.png 400w, https:\/\/vinopolis.mx\/wp-content\/uploads\/2024\/08\/sust3-600x600.png 600w, https:\/\/vinopolis.mx\/wp-content\/uploads\/2024\/08\/sust3-100x100.png 100w, https:\/\/vinopolis.mx\/wp-content\/uploads\/2024\/08\/sust3.png 900w\" sizes=\"(max-width: 300px) 100vw, 300px\" \/>\t\t\t\t\t\t\t\t\t\t\t\t\t\t\t<\/div>\n\t\t\t\t<\/div>\n\t\t\t\t<div class=\"elementor-element elementor-element-a4a337c elementor-widget elementor-widget-text-editor\" data-id=\"a4a337c\" data-element_type=\"widget\" data-widget_type=\"text-editor.default\">\n\t\t\t\t<div class=\"elementor-widget-container\">\n\t\t\t\t\t\t\t\t\t<p>Estos promueven pr\u00e1cticas justas tanto en el vi\u00f1edo como en la bodega.<\/p>\t\t\t\t\t\t\t\t<\/div>\n\t\t\t\t<\/div>\n\t\t\t\t\t<\/div>\n\t\t\t\t<\/div>\n\t\t\t\t\t<\/div>\n\t\t\t\t<\/div>\n\t\t\t\t<\/div>\n\t\t\t\t<\/div>\n\t\t\t\t\t\t<\/div>\n\t\t\t\t<\/div>\n\t\t\t\t\t<\/div>\n\t\t\t\t<\/div>\n\t\t\t\t<\/div>\n\t\t\t\t<\/div>\n\t\t\t\t\t\t<\/div>\n\t\t\t\t<\/div>\n\t\t\t\t\t<\/div>\n\t\t\t\t<\/div>\n\t\t\t\t<\/div>","protected":false},"excerpt":{"rendered":"<ul>\n<li><strong>Bodega:<\/strong> Saraja.<br \/>\n<strong>Tipolog\u00eda:<\/strong> Vino tinto.<br \/>\n<strong>Variedad:<\/strong>\u00a0 Carignano 100%<br \/>\n<strong>Ubicaci\u00f3n y altitud del vi\u00f1edo:<\/strong> Sulcis, 30 m s. n. m.<br \/>\n<strong>Superficie del vi\u00f1edo:<\/strong> 25 hect\u00e1reas.<br \/>\n<strong>Edad de las vides:<\/strong> 30 a\u00f1os.<br \/>\n<strong>Pr\u00e1cticas agr\u00edcolas:<\/strong> Sostenibles.<br \/>\n<strong>Vinification:<\/strong> Vendimia manual en peque\u00f1as cajas. Despalillado y maceraci\u00f3n: 14 d\u00edas, acompa\u00f1ada de remontado y trasiego. Fermentaci\u00f3n: en dep\u00f3sitos de acero a 22\/28 \u00b0C. Fermentaci\u00f3n malol\u00e1ctica: completa. Crianza: 9 meses en dep\u00f3sitos de acero con filtraci\u00f3n natural.<br \/>\n<strong>Envejecimiento:<\/strong> 2 meses.<br \/>\n<strong>Clarificaci\u00f3n:<\/strong> Est\u00e1tica en fr\u00edo.<br \/>\n<strong>N.\u00ba de botellas:<\/strong> 13 000.<\/li>\n<\/ul>\n<p><a class=\"btn_ficha\" href=\"https:\/\/vinopolis.mx\/wp-content\/uploads\/2024\/01\/Saraja_Carignano-del-Sulcis_EN.pdf\" target=\"_blank\" rel=\"noopener\">See technical sheet<\/a><\/p>","protected":false},"featured_media":12833,"template":"","meta":{"site-sidebar-layout":"default","site-content-layout":"","ast-site-content-layout":"default","site-content-style":"default","site-sidebar-style":"default","ast-global-header-display":"","ast-banner-title-visibility":"","ast-main-header-display":"","ast-hfb-above-header-display":"","ast-hfb-below-header-display":"","ast-hfb-mobile-header-display":"","site-post-title":"","ast-breadcrumbs-content":"","ast-featured-img":"","footer-sml-layout":"","theme-transparent-header-meta":"default","adv-header-id-meta":"","stick-header-meta":"","header-above-stick-meta":"","header-main-stick-meta":"","header-below-stick-meta":"","astra-migrate-meta-layouts":"set","ast-page-background-enabled":"default","ast-page-background-meta":{"desktop":{"background-color":"","background-image":"","background-repeat":"repeat","background-position":"center center","background-size":"auto","background-attachment":"scroll","background-type":"","background-media":"","overlay-type":"","overlay-color":"","overlay-opacity":"","overlay-gradient":""},"tablet":{"background-color":"","background-image":"","background-repeat":"repeat","background-position":"center center","background-size":"auto","background-attachment":"scroll","background-type":"","background-media":"","overlay-type":"","overlay-color":"","overlay-opacity":"","overlay-gradient":""},"mobile":{"background-color":"","background-image":"","background-repeat":"repeat","background-position":"center center","background-size":"auto","background-attachment":"scroll","background-type":"","background-media":"","overlay-type":"","overlay-color":"","overlay-opacity":"","overlay-gradient":""}},"ast-content-background-meta":{"desktop":{"background-color":"var(--ast-global-color-5)","background-image":"","background-repeat":"repeat","background-position":"center center","background-size":"auto","background-attachment":"scroll","background-type":"","background-media":"","overlay-type":"","overlay-color":"","overlay-opacity":"","overlay-gradient":""},"tablet":{"background-color":"var(--ast-global-color-5)","background-image":"","background-repeat":"repeat","background-position":"center center","background-size":"auto","background-attachment":"scroll","background-type":"","background-media":"","overlay-type":"","overlay-color":"","overlay-opacity":"","overlay-gradient":""},"mobile":{"background-color":"var(--ast-global-color-5)","background-image":"","background-repeat":"repeat","background-position":"center center","background-size":"auto","background-attachment":"scroll","background-type":"","background-media":"","overlay-type":"","overlay-color":"","overlay-opacity":"","overlay-gradient":""}},"_joinchat":[]},"product_brand":[],"product_cat":[2195,2225,1815,1467,1674,2036,2124,1521,1861],"product_tag":[],"class_list":{"0":"post-2529","1":"product","2":"type-product","3":"status-publish","4":"has-post-thumbnail","6":"product_cat-italia","7":"product_cat-sardegna","8":"product_cat-seleccion","9":"product_cat-tinto","10":"product_cat-botella-750-ml","11":"product_cat-de-700-a-999-precio","12":"product_cat-viticultura-sustentable","13":"product_cat-saraja","14":"product_cat-carignano-del-sulcis-doc","15":"desktop-align-center","16":"tablet-align-center","17":"mobile-align-center","18":"ast-product-gallery-layout-horizontal-slider","19":"ast-product-gallery-with-no-image","20":"ast-product-tabs-layout-horizontal","21":"ast-qv-on-image","23":"first","24":"instock","25":"taxable","26":"shipping-taxable","27":"purchasable","28":"product-type-simple"},"yoast_head":"<!-- This site is optimized with the Yoast SEO plugin v26.3 - https:\/\/yoast.com\/wordpress\/plugins\/seo\/ -->\n<title>Carignano del sulcis 2019-saraja - BODEGA SARAJA - TINTO<\/title>\n<meta name=\"description\" content=\"Carignano del sulcis 2019-saraja - Bodega Saraja - Vinopolis Intrepid Wine - Vinos Importados - Env\u00edos a todo M\u00e9xico - Tinto - Italia\" \/>\n<meta name=\"robots\" content=\"index, follow, max-snippet:-1, max-image-preview:large, max-video-preview:-1\" \/>\n<link rel=\"canonical\" href=\"https:\/\/vinopolis.mx\/en\/product\/carignano-del-sulcis-2019-saraja\/\" \/>\n<meta property=\"og:locale\" content=\"en_US\" \/>\n<meta property=\"og:type\" content=\"article\" \/>\n<meta property=\"og:title\" content=\"Carignano del sulcis 2019-saraja - BODEGA SARAJA - TINTO\" \/>\n<meta property=\"og:description\" content=\"Carignano del sulcis 2019-saraja - Bodega Saraja - Vinopolis Intrepid Wine - Vinos Importados - Env\u00edos a todo M\u00e9xico - Tinto - Italia\" \/>\n<meta property=\"og:url\" content=\"https:\/\/vinopolis.mx\/en\/product\/carignano-del-sulcis-2019-saraja\/\" \/>\n<meta property=\"og:site_name\" content=\"Vinopolis\" \/>\n<meta property=\"article:modified_time\" content=\"2026-03-30T21:59:52+00:00\" \/>\n<meta property=\"og:image\" content=\"https:\/\/vinopolis.mx\/wp-content\/uploads\/2023\/10\/Carignano-Del-Sulcis.png\" \/>\n\t<meta property=\"og:image:width\" content=\"400\" \/>\n\t<meta property=\"og:image:height\" content=\"608\" \/>\n\t<meta property=\"og:image:type\" content=\"image\/png\" \/>\n<meta name=\"twitter:card\" content=\"summary_large_image\" \/>\n<meta name=\"twitter:label1\" content=\"Est. reading time\" \/>\n\t<meta name=\"twitter:data1\" content=\"1 minute\" \/>\n<script type=\"application\/ld+json\" class=\"yoast-schema-graph\">{\"@context\":\"https:\/\/schema.org\",\"@graph\":[{\"@type\":\"WebPage\",\"@id\":\"https:\/\/vinopolis.mx\/producto\/carignano-del-sulcis-2019-saraja\/\",\"url\":\"https:\/\/vinopolis.mx\/producto\/carignano-del-sulcis-2019-saraja\/\",\"name\":\"Carignano del sulcis 2019-saraja - BODEGA SARAJA - TINTO\",\"isPartOf\":{\"@id\":\"https:\/\/vinopolis.mx\/#website\"},\"primaryImageOfPage\":{\"@id\":\"https:\/\/vinopolis.mx\/producto\/carignano-del-sulcis-2019-saraja\/#primaryimage\"},\"image\":{\"@id\":\"https:\/\/vinopolis.mx\/producto\/carignano-del-sulcis-2019-saraja\/#primaryimage\"},\"thumbnailUrl\":\"https:\/\/vinopolis.mx\/wp-content\/uploads\/2023\/10\/Carignano-Del-Sulcis.png\",\"datePublished\":\"2023-10-09T20:21:15+00:00\",\"dateModified\":\"2026-03-30T21:59:52+00:00\",\"description\":\"Carignano del sulcis 2019-saraja - Bodega Saraja - Vinopolis Intrepid Wine - Vinos Importados - Env\u00edos a todo M\u00e9xico - Tinto - Italia\",\"breadcrumb\":{\"@id\":\"https:\/\/vinopolis.mx\/producto\/carignano-del-sulcis-2019-saraja\/#breadcrumb\"},\"inLanguage\":\"en-US\",\"potentialAction\":[{\"@type\":\"ReadAction\",\"target\":[\"https:\/\/vinopolis.mx\/producto\/carignano-del-sulcis-2019-saraja\/\"]}]},{\"@type\":\"ImageObject\",\"inLanguage\":\"en-US\",\"@id\":\"https:\/\/vinopolis.mx\/producto\/carignano-del-sulcis-2019-saraja\/#primaryimage\",\"url\":\"https:\/\/vinopolis.mx\/wp-content\/uploads\/2023\/10\/Carignano-Del-Sulcis.png\",\"contentUrl\":\"https:\/\/vinopolis.mx\/wp-content\/uploads\/2023\/10\/Carignano-Del-Sulcis.png\",\"width\":400,\"height\":608},{\"@type\":\"BreadcrumbList\",\"@id\":\"https:\/\/vinopolis.mx\/producto\/carignano-del-sulcis-2019-saraja\/#breadcrumb\",\"itemListElement\":[{\"@type\":\"ListItem\",\"position\":1,\"name\":\"Inicio\",\"item\":\"https:\/\/vinopolis.mx\/\"},{\"@type\":\"ListItem\",\"position\":2,\"name\":\"Shop\",\"item\":\"https:\/\/vinopolis.mx\/shop\/\"},{\"@type\":\"ListItem\",\"position\":3,\"name\":\"Carignano del Sulcis 2019\"}]},{\"@type\":\"WebSite\",\"@id\":\"https:\/\/vinopolis.mx\/#website\",\"url\":\"https:\/\/vinopolis.mx\/\",\"name\":\"Vinopolis\",\"description\":\"Intrepid Wines Collection\",\"publisher\":{\"@id\":\"https:\/\/vinopolis.mx\/#organization\"},\"potentialAction\":[{\"@type\":\"SearchAction\",\"target\":{\"@type\":\"EntryPoint\",\"urlTemplate\":\"https:\/\/vinopolis.mx\/?s={search_term_string}\"},\"query-input\":{\"@type\":\"PropertyValueSpecification\",\"valueRequired\":true,\"valueName\":\"search_term_string\"}}],\"inLanguage\":\"en-US\"},{\"@type\":\"Organization\",\"@id\":\"https:\/\/vinopolis.mx\/#organization\",\"name\":\"Vinopolis\",\"url\":\"https:\/\/vinopolis.mx\/\",\"logo\":{\"@type\":\"ImageObject\",\"inLanguage\":\"en-US\",\"@id\":\"https:\/\/vinopolis.mx\/#\/schema\/logo\/image\/\",\"url\":\"https:\/\/vinopolis.mx\/wp-content\/uploads\/2025\/08\/vinopolis_logo-25.png\",\"contentUrl\":\"https:\/\/vinopolis.mx\/wp-content\/uploads\/2025\/08\/vinopolis_logo-25.png\",\"width\":1835,\"height\":281,\"caption\":\"Vinopolis\"},\"image\":{\"@id\":\"https:\/\/vinopolis.mx\/#\/schema\/logo\/image\/\"}}]}<\/script>\n<!-- \/ Yoast SEO plugin. -->","yoast_head_json":{"title":"Carignano del sulcis 2019-saraja - BODEGA SARAJA - TINTO","description":"Carignano del sulcis 2019-saraja - Bodega Saraja - Vinopolis Intrepid Wine - Vinos Importados - Env\u00edos a todo M\u00e9xico - Tinto - Italia","robots":{"index":"index","follow":"follow","max-snippet":"max-snippet:-1","max-image-preview":"max-image-preview:large","max-video-preview":"max-video-preview:-1"},"canonical":"https:\/\/vinopolis.mx\/en\/product\/carignano-del-sulcis-2019-saraja\/","og_locale":"en_US","og_type":"article","og_title":"Carignano del sulcis 2019-saraja - BODEGA SARAJA - TINTO","og_description":"Carignano del sulcis 2019-saraja - Bodega Saraja - Vinopolis Intrepid Wine - Vinos Importados - Env\u00edos a todo M\u00e9xico - Tinto - Italia","og_url":"https:\/\/vinopolis.mx\/en\/product\/carignano-del-sulcis-2019-saraja\/","og_site_name":"Vinopolis","article_modified_time":"2026-03-30T21:59:52+00:00","og_image":[{"width":400,"height":608,"url":"https:\/\/vinopolis.mx\/wp-content\/uploads\/2023\/10\/Carignano-Del-Sulcis.png","type":"image\/png"}],"twitter_card":"summary_large_image","twitter_misc":{"Est. reading time":"1 minute"},"schema":{"@context":"https:\/\/schema.org","@graph":[{"@type":"WebPage","@id":"https:\/\/vinopolis.mx\/producto\/carignano-del-sulcis-2019-saraja\/","url":"https:\/\/vinopolis.mx\/producto\/carignano-del-sulcis-2019-saraja\/","name":"Carignano del sulcis 2019-saraja - BODEGA SARAJA - TINTO","isPartOf":{"@id":"https:\/\/vinopolis.mx\/#website"},"primaryImageOfPage":{"@id":"https:\/\/vinopolis.mx\/producto\/carignano-del-sulcis-2019-saraja\/#primaryimage"},"image":{"@id":"https:\/\/vinopolis.mx\/producto\/carignano-del-sulcis-2019-saraja\/#primaryimage"},"thumbnailUrl":"https:\/\/vinopolis.mx\/wp-content\/uploads\/2023\/10\/Carignano-Del-Sulcis.png","datePublished":"2023-10-09T20:21:15+00:00","dateModified":"2026-03-30T21:59:52+00:00","description":"Carignano del sulcis 2019-saraja - Bodega Saraja - Vinopolis Intrepid Wine - Vinos Importados - Env\u00edos a todo M\u00e9xico - Tinto - Italia","breadcrumb":{"@id":"https:\/\/vinopolis.mx\/producto\/carignano-del-sulcis-2019-saraja\/#breadcrumb"},"inLanguage":"en-US","potentialAction":[{"@type":"ReadAction","target":["https:\/\/vinopolis.mx\/producto\/carignano-del-sulcis-2019-saraja\/"]}]},{"@type":"ImageObject","inLanguage":"en-US","@id":"https:\/\/vinopolis.mx\/producto\/carignano-del-sulcis-2019-saraja\/#primaryimage","url":"https:\/\/vinopolis.mx\/wp-content\/uploads\/2023\/10\/Carignano-Del-Sulcis.png","contentUrl":"https:\/\/vinopolis.mx\/wp-content\/uploads\/2023\/10\/Carignano-Del-Sulcis.png","width":400,"height":608},{"@type":"BreadcrumbList","@id":"https:\/\/vinopolis.mx\/producto\/carignano-del-sulcis-2019-saraja\/#breadcrumb","itemListElement":[{"@type":"ListItem","position":1,"name":"Inicio","item":"https:\/\/vinopolis.mx\/"},{"@type":"ListItem","position":2,"name":"Shop","item":"https:\/\/vinopolis.mx\/shop\/"},{"@type":"ListItem","position":3,"name":"Carignano del Sulcis 2019"}]},{"@type":"WebSite","@id":"https:\/\/vinopolis.mx\/#website","url":"https:\/\/vinopolis.mx\/","name":"Vinopolis","description":"Intrepid Wines Collection","publisher":{"@id":"https:\/\/vinopolis.mx\/#organization"},"potentialAction":[{"@type":"SearchAction","target":{"@type":"EntryPoint","urlTemplate":"https:\/\/vinopolis.mx\/?s={search_term_string}"},"query-input":{"@type":"PropertyValueSpecification","valueRequired":true,"valueName":"search_term_string"}}],"inLanguage":"en-US"},{"@type":"Organization","@id":"https:\/\/vinopolis.mx\/#organization","name":"Vinopolis","url":"https:\/\/vinopolis.mx\/","logo":{"@type":"ImageObject","inLanguage":"en-US","@id":"https:\/\/vinopolis.mx\/#\/schema\/logo\/image\/","url":"https:\/\/vinopolis.mx\/wp-content\/uploads\/2025\/08\/vinopolis_logo-25.png","contentUrl":"https:\/\/vinopolis.mx\/wp-content\/uploads\/2025\/08\/vinopolis_logo-25.png","width":1835,"height":281,"caption":"Vinopolis"},"image":{"@id":"https:\/\/vinopolis.mx\/#\/schema\/logo\/image\/"}}]}},"_links":{"self":[{"href":"https:\/\/vinopolis.mx\/en\/wp-json\/wp\/v2\/product\/2529","targetHints":{"allow":["GET"]}}],"collection":[{"href":"https:\/\/vinopolis.mx\/en\/wp-json\/wp\/v2\/product"}],"about":[{"href":"https:\/\/vinopolis.mx\/en\/wp-json\/wp\/v2\/types\/product"}],"version-history":[{"count":9,"href":"https:\/\/vinopolis.mx\/en\/wp-json\/wp\/v2\/product\/2529\/revisions"}],"predecessor-version":[{"id":22997,"href":"https:\/\/vinopolis.mx\/en\/wp-json\/wp\/v2\/product\/2529\/revisions\/22997"}],"wp:featuredmedia":[{"embeddable":true,"href":"https:\/\/vinopolis.mx\/en\/wp-json\/wp\/v2\/media\/12833"}],"wp:attachment":[{"href":"https:\/\/vinopolis.mx\/en\/wp-json\/wp\/v2\/media?parent=2529"}],"wp:term":[{"taxonomy":"product_brand","embeddable":true,"href":"https:\/\/vinopolis.mx\/en\/wp-json\/wp\/v2\/product_brand?post=2529"},{"taxonomy":"product_cat","embeddable":true,"href":"https:\/\/vinopolis.mx\/en\/wp-json\/wp\/v2\/product_cat?post=2529"},{"taxonomy":"product_tag","embeddable":true,"href":"https:\/\/vinopolis.mx\/en\/wp-json\/wp\/v2\/product_tag?post=2529"}],"curies":[{"name":"wp","href":"https:\/\/api.w.org\/{rel}","templated":true}]}}